{"id":73,"date":"2023-03-24T06:54:58","date_gmt":"2023-03-24T06:54:58","guid":{"rendered":"https:\/\/cozystay.loftocean.com\/mountain-chalet\/?page_id=73"},"modified":"2024-05-28T11:27:57","modified_gmt":"2024-05-28T11:27:57","slug":"sobre","status":"publish","type":"page","link":"https:\/\/casasilvestre.pt\/index.php\/sobre\/","title":{"rendered":"Sobre"},"content":{"rendered":"\t\t<div data-elementor-type=\"wp-page\" data-elementor-id=\"73\" class=\"elementor elementor-73\">\n\t\t\t\t\t\t<section class=\"elementor-section elementor-top-section elementor-element elementor-element-45a1740b elementor-section-height-min-height cs-section-content-fullwidth cs-parallax-on-scroll cs_scroll_y_100 elementor-section-boxed elementor-section-height-default elementor-section-items-middle\" data-id=\"45a1740b\" data-element_type=\"section\" data-settings=\"{&quot;background_background&quot;:&quot;classic&quot;}\" data-cs-parallax-y=\"100\" style=\"background-image: none;\" data-cs-background-image=\"https:\/\/casasilvestre.pt\/wp-content\/uploads\/2024\/05\/IMG_1928.webp\">\n\t\t\t\t\t\t\t<div class=\"elementor-background-overlay\"><\/div>\n\t\t\t\t\t\t\t<div class=\"elementor-container elementor-column-gap-no\">\n\t\t\t\t\t<div class=\"elementor-column elementor-col-100 elementor-top-column elementor-element elementor-element-2da59bf7 dark-color\" data-id=\"2da59bf7\" data-element_type=\"column\">\n\t\t\t<div class=\"elementor-widget-wrap elementor-element-populated\">\n\t\t\t\t\t\t<div class=\"elementor-element elementor-element-bb3d88e elementor-widget elementor-widget-cs_title\" data-id=\"bb3d88e\" data-element_type=\"widget\" data-widget_type=\"cs_title.default\">\n\t\t\t\t<div class=\"elementor-widget-container\">\n\t\t\t\n        <div class=\"cs-title-wrap text-center\">\t            <div class=\"cs-subtitle-wrap\"><span class=\"cs-subtitle color-white\">roda dos anos<\/span><\/div>\t            <h1 class=\"cs-title\">\n\t                Sobre a Casa Silvestre\t            <\/h1>        <\/div>\t\t<\/div>\n\t\t\t\t<\/div>\n\t\t\t\t\t<\/div>\n\t\t<\/div>\n\t\t\t\t\t<\/div>\n\t\t<\/section>\n\t\t\t\t<section class=\"elementor-section elementor-top-section elementor-element elementor-element-45e60f74 cs-section-content-fullwidth elementor-section-boxed elementor-section-height-default elementor-section-height-default\" data-id=\"45e60f74\" data-element_type=\"section\" data-settings=\"{&quot;background_background&quot;:&quot;classic&quot;}\">\n\t\t\t\t\t\t<div class=\"elementor-container elementor-column-gap-no\">\n\t\t\t\t\t<div class=\"elementor-column elementor-col-100 elementor-top-column elementor-element elementor-element-12d88af2\" data-id=\"12d88af2\" data-element_type=\"column\">\n\t\t\t<div class=\"elementor-widget-wrap elementor-element-populated\">\n\t\t\t\t\t\t<div class=\"elementor-element elementor-element-3cc8d09a cs-animation-small-offset elementor-invisible elementor-widget elementor-widget-cs_title\" data-id=\"3cc8d09a\" data-element_type=\"widget\" data-settings=\"{&quot;_animation&quot;:&quot;fadeInUp&quot;,&quot;_animation_delay&quot;:300}\" data-widget_type=\"cs_title.default\">\n\t\t\t\t<div class=\"elementor-widget-container\">\n\t\t\t\n        <div class=\"cs-title-wrap text-center\">\t            <div class=\"cs-subtitle-wrap\"><span class=\"cs-subtitle\">A nossa<\/span><\/div>\t            <h2 class=\"cs-title\">\n\t                Hist\u00f3ria \t            <\/h2>\t            <div class=\"cs-title-text\">\n\t                <p class=\"p1\">Nesta roda dos anos, em 1721, encontramos registo de matrim\u00f3nio do, talvez, fundador da &#8220;Casa do Silvestre&#8221; (Calcula-se que, nesta data, na aldeia\/lugar de Vilarinho do Monte habitava cerca de meia d\u00fazia de &#8220;fogos&#8221;\/fam\u00edlias). Neste espa\u00e7o, \u00e0 roda deste quinteiro, h\u00e1 registo de passagem, com usufruto, de seis geras de casais. As pessoas dormiam nos andares de cima e os animais dom\u00e9sticos (galinhas, vacas, cabras, porcos e burras\/\u00e9guas) que pernoitavam nos andares de baixo, nos currais de gado que, diariamente, iam ao pastoreio do monte.<\/p>\t            <\/div>        <\/div>\t\t<\/div>\n\t\t\t\t<\/div>\n\t\t\t\t<div class=\"elementor-element elementor-element-6d66057 cs-animation-small-offset elementor-invisible elementor-widget elementor-widget-cs_gallery\" data-id=\"6d66057\" data-element_type=\"widget\" data-settings=\"{&quot;_animation&quot;:&quot;fadeInUp&quot;,&quot;_animation_delay&quot;:300}\" data-widget_type=\"cs_gallery.default\">\n\t\t\t\t<div class=\"elementor-widget-container\">\n\t\t\t\n            <div class=\"cs-gallery gap-5 gallery-grid grid-col-3\">\n                <div class=\"cs-gallery-wrap\">                    <div class=\"cs-gallery-item\">                            <a href=\"https:\/\/casasilvestre.pt\/wp-content\/uploads\/2023\/03\/IMG_1864.webp\" data-elementor-open-lightbox=\"yes\" data-elementor-lightbox-slideshow=\"6d66057\" data-elementor-lightbox-title=\"Vilarinho do Monte\" data-e-action-hash=\"#elementor-action%3Aaction%3Dlightbox%26settings%3DeyJpZCI6MjQ3MiwidXJsIjoiaHR0cHM6XC9cL2Nhc2FzaWx2ZXN0cmUucHRcL3dwLWNvbnRlbnRcL3VwbG9hZHNcLzIwMjNcLzAzXC9JTUdfMTg2NC53ZWJwIiwic2xpZGVzaG93IjoiNmQ2NjA1NyJ9\"><img fetchpriority=\"high\" decoding=\"async\" width=\"550\" height=\"367\" src=\"https:\/\/casasilvestre.pt\/wp-content\/uploads\/2023\/03\/IMG_1864-550x367.webp\" class=\"attachment-cozystay_550x9999 size-cozystay_550x9999 wp-image-2472\" alt=\"\" srcset=\"https:\/\/casasilvestre.pt\/wp-content\/uploads\/2023\/03\/IMG_1864-550x367.webp 550w, https:\/\/casasilvestre.pt\/wp-content\/uploads\/2023\/03\/IMG_1864-300x200.webp 300w, https:\/\/casasilvestre.pt\/wp-content\/uploads\/2023\/03\/IMG_1864-768x512.webp 768w, https:\/\/casasilvestre.pt\/wp-content\/uploads\/2023\/03\/IMG_1864-1024x683.webp 1024w, https:\/\/casasilvestre.pt\/wp-content\/uploads\/2023\/03\/IMG_1864-1536x1024.webp 1536w, https:\/\/casasilvestre.pt\/wp-content\/uploads\/2023\/03\/IMG_1864-1440x960.webp 1440w, https:\/\/casasilvestre.pt\/wp-content\/uploads\/2023\/03\/IMG_1864-1200x800.webp 1200w, https:\/\/casasilvestre.pt\/wp-content\/uploads\/2023\/03\/IMG_1864-780x520.webp 780w, https:\/\/casasilvestre.pt\/wp-content\/uploads\/2023\/03\/IMG_1864-600x400.webp 600w, https:\/\/casasilvestre.pt\/wp-content\/uploads\/2023\/03\/IMG_1864-370x247.webp 370w, https:\/\/casasilvestre.pt\/wp-content\/uploads\/2023\/03\/IMG_1864-255x170.webp 255w, https:\/\/casasilvestre.pt\/wp-content\/uploads\/2023\/03\/IMG_1864-150x100.webp 150w, https:\/\/casasilvestre.pt\/wp-content\/uploads\/2023\/03\/IMG_1864.webp 1920w\" sizes=\"(max-width: 550px) 100vw, 550px\" \/><\/a>                    <\/div>                    <div class=\"cs-gallery-item\">                            <a href=\"https:\/\/casasilvestre.pt\/wp-content\/uploads\/2024\/05\/IMG_1874.webp\" data-elementor-open-lightbox=\"yes\" data-elementor-lightbox-slideshow=\"6d66057\" data-elementor-lightbox-title=\"Entrada da Casa Principal\" data-e-action-hash=\"#elementor-action%3Aaction%3Dlightbox%26settings%3DeyJpZCI6MjQ4MywidXJsIjoiaHR0cHM6XC9cL2Nhc2FzaWx2ZXN0cmUucHRcL3dwLWNvbnRlbnRcL3VwbG9hZHNcLzIwMjRcLzA1XC9JTUdfMTg3NC53ZWJwIiwic2xpZGVzaG93IjoiNmQ2NjA1NyJ9\"><img decoding=\"async\" width=\"550\" height=\"367\" src=\"https:\/\/casasilvestre.pt\/wp-content\/uploads\/2024\/05\/IMG_1874-550x367.webp\" class=\"attachment-cozystay_550x9999 size-cozystay_550x9999 wp-image-2483\" alt=\"\" srcset=\"https:\/\/casasilvestre.pt\/wp-content\/uploads\/2024\/05\/IMG_1874-550x367.webp 550w, https:\/\/casasilvestre.pt\/wp-content\/uploads\/2024\/05\/IMG_1874-300x200.webp 300w, https:\/\/casasilvestre.pt\/wp-content\/uploads\/2024\/05\/IMG_1874-768x512.webp 768w, https:\/\/casasilvestre.pt\/wp-content\/uploads\/2024\/05\/IMG_1874-1024x683.webp 1024w, https:\/\/casasilvestre.pt\/wp-content\/uploads\/2024\/05\/IMG_1874-1536x1024.webp 1536w, https:\/\/casasilvestre.pt\/wp-content\/uploads\/2024\/05\/IMG_1874-1440x960.webp 1440w, https:\/\/casasilvestre.pt\/wp-content\/uploads\/2024\/05\/IMG_1874-1200x800.webp 1200w, https:\/\/casasilvestre.pt\/wp-content\/uploads\/2024\/05\/IMG_1874-780x520.webp 780w, https:\/\/casasilvestre.pt\/wp-content\/uploads\/2024\/05\/IMG_1874-600x400.webp 600w, https:\/\/casasilvestre.pt\/wp-content\/uploads\/2024\/05\/IMG_1874-370x247.webp 370w, https:\/\/casasilvestre.pt\/wp-content\/uploads\/2024\/05\/IMG_1874-255x170.webp 255w, https:\/\/casasilvestre.pt\/wp-content\/uploads\/2024\/05\/IMG_1874-150x100.webp 150w, https:\/\/casasilvestre.pt\/wp-content\/uploads\/2024\/05\/IMG_1874.webp 1920w\" sizes=\"(max-width: 550px) 100vw, 550px\" \/><\/a>                    <\/div>                    <div class=\"cs-gallery-item\">                            <a href=\"https:\/\/casasilvestre.pt\/wp-content\/uploads\/2024\/05\/IMG_1871.webp\" data-elementor-open-lightbox=\"yes\" data-elementor-lightbox-slideshow=\"6d66057\" data-elementor-lightbox-title=\"Casa da S\u00eaca - Eira (Fachada)\" data-e-action-hash=\"#elementor-action%3Aaction%3Dlightbox%26settings%3DeyJpZCI6MjM5NCwidXJsIjoiaHR0cHM6XC9cL2Nhc2FzaWx2ZXN0cmUucHRcL3dwLWNvbnRlbnRcL3VwbG9hZHNcLzIwMjRcLzA1XC9JTUdfMTg3MS53ZWJwIiwic2xpZGVzaG93IjoiNmQ2NjA1NyJ9\"><img decoding=\"async\" width=\"550\" height=\"367\" src=\"https:\/\/casasilvestre.pt\/wp-content\/uploads\/2024\/05\/IMG_1871-550x367.webp\" class=\"attachment-cozystay_550x9999 size-cozystay_550x9999 wp-image-2394\" alt=\"\" srcset=\"https:\/\/casasilvestre.pt\/wp-content\/uploads\/2024\/05\/IMG_1871-550x367.webp 550w, https:\/\/casasilvestre.pt\/wp-content\/uploads\/2024\/05\/IMG_1871-300x200.webp 300w, https:\/\/casasilvestre.pt\/wp-content\/uploads\/2024\/05\/IMG_1871-768x512.webp 768w, https:\/\/casasilvestre.pt\/wp-content\/uploads\/2024\/05\/IMG_1871-1024x683.webp 1024w, https:\/\/casasilvestre.pt\/wp-content\/uploads\/2024\/05\/IMG_1871-1536x1024.webp 1536w, https:\/\/casasilvestre.pt\/wp-content\/uploads\/2024\/05\/IMG_1871-1440x960.webp 1440w, https:\/\/casasilvestre.pt\/wp-content\/uploads\/2024\/05\/IMG_1871-1200x800.webp 1200w, https:\/\/casasilvestre.pt\/wp-content\/uploads\/2024\/05\/IMG_1871-780x520.webp 780w, https:\/\/casasilvestre.pt\/wp-content\/uploads\/2024\/05\/IMG_1871-600x400.webp 600w, https:\/\/casasilvestre.pt\/wp-content\/uploads\/2024\/05\/IMG_1871-370x247.webp 370w, https:\/\/casasilvestre.pt\/wp-content\/uploads\/2024\/05\/IMG_1871-255x170.webp 255w, https:\/\/casasilvestre.pt\/wp-content\/uploads\/2024\/05\/IMG_1871-150x100.webp 150w, https:\/\/casasilvestre.pt\/wp-content\/uploads\/2024\/05\/IMG_1871.webp 1920w\" sizes=\"(max-width: 550px) 100vw, 550px\" \/><\/a>                    <\/div>                <\/div>\n            <\/div>\t\t<\/div>\n\t\t\t\t<\/div>\n\t\t\t\t<div class=\"elementor-element elementor-element-8adaf1a cs-animation-small-offset elementor-invisible elementor-widget elementor-widget-text-editor\" data-id=\"8adaf1a\" data-element_type=\"widget\" data-settings=\"{&quot;_animation&quot;:&quot;fadeInUp&quot;,&quot;_animation_delay&quot;:300}\" data-widget_type=\"text-editor.default\">\n\t\t\t\t<div class=\"elementor-widget-container\">\n\t\t\t<style>\/*! elementor - v3.21.0 - 25-04-2024 *\/\n.elementor-widget-text-editor.elementor-drop-cap-view-stacked .elementor-drop-cap{background-color:#69727d;color:#fff}.elementor-widget-text-editor.elementor-drop-cap-view-framed .elementor-drop-cap{color:#69727d;border:3px solid;background-color:transparent}.elementor-widget-text-editor:not(.elementor-drop-cap-view-default) .elementor-drop-cap{margin-top:8px}.elementor-widget-text-editor:not(.elementor-drop-cap-view-default) .elementor-drop-cap-letter{width:1em;height:1em}.elementor-widget-text-editor .elementor-drop-cap{float:left;text-align:center;line-height:1;font-size:50px}.elementor-widget-text-editor .elementor-drop-cap-letter{display:inline-block}<\/style>\t\t\t\t<p style=\"max-width:830px;\" class=\"p1\">A mem\u00f3ria da \u00faltima explora\u00e7\u00e3o comunit\u00e1ria rural, neste espa\u00e7o, era constitu\u00edda por cerca de uma vintena de humanos (contando av\u00f3s, pais e netos), uma d\u00fazia de vacas, uma centena de caprinos, cinco su\u00ednos e duas \u00e9guas. Possu\u00eda, ainda, uma venda de vinho e mercearia.<\/p>\t\t\t\t\t\t<\/div>\n\t\t\t\t<\/div>\n\t\t\t\t<div class=\"elementor-element elementor-element-795def5 cs-animation-small-offset elementor-invisible elementor-widget elementor-widget-text-editor\" data-id=\"795def5\" data-element_type=\"widget\" data-settings=\"{&quot;_animation&quot;:&quot;fadeInUp&quot;,&quot;_animation_delay&quot;:300}\" data-widget_type=\"text-editor.default\">\n\t\t\t\t<div class=\"elementor-widget-container\">\n\t\t\t\t\t\t\t<p style=\"max-width:830px;\">A \u00e1gua corrente no tanque foi canalizada de uma fonte distante (400m), h\u00e1 cerca de um s\u00e9culo.<\/p>\n<p style=\"max-width:830px;\" class=\"p1\">Na segunda grande guerra (1939-1944) foi instalada, ao lado desta casa, uma torre e\u00f3lica\/ventoinha num poste de madeira, que produzia eletricidade armazenada em baterias, abastecendo meia d\u00fazia de l\u00e2mpadas el\u00e9tricas e r\u00e1dio, sendo pioneira em toda a regi\u00e3o.<\/p>\t\t\t\t\t\t<\/div>\n\t\t\t\t<\/div>\n\t\t\t\t\t<\/div>\n\t\t<\/div>\n\t\t\t\t\t<\/div>\n\t\t<\/section>\n\t\t\t\t<section class=\"elementor-section elementor-top-section elementor-element elementor-element-7dae13d5 cs_scroll_y_80 cs-parallax-on-scroll cs-section-content-fullwidth elementor-section-boxed elementor-section-height-default elementor-section-height-default\" data-id=\"7dae13d5\" data-element_type=\"section\" data-settings=\"{&quot;background_background&quot;:&quot;classic&quot;}\" data-cs-parallax-y=\"80\" style=\"background-image: none;\" data-cs-background-image=\"https:\/\/casasilvestre.pt\/wp-content\/uploads\/2024\/05\/IMG_1878.webp\">\n\t\t\t\t\t\t\t<div class=\"elementor-background-overlay\"><\/div>\n\t\t\t\t\t\t\t<div class=\"elementor-container elementor-column-gap-no\">\n\t\t\t\t\t<div class=\"elementor-column elementor-col-100 elementor-top-column elementor-element elementor-element-30096e93 dark-color\" data-id=\"30096e93\" data-element_type=\"column\">\n\t\t\t<div class=\"elementor-widget-wrap elementor-element-populated\">\n\t\t\t\t\t\t<div class=\"elementor-element elementor-element-7374d10d cs-animation-small-offset elementor-invisible elementor-widget elementor-widget-cs_title\" data-id=\"7374d10d\" data-element_type=\"widget\" data-settings=\"{&quot;_animation&quot;:&quot;fadeInUp&quot;,&quot;_animation_delay&quot;:150}\" data-widget_type=\"cs_title.default\">\n\t\t\t\t<div class=\"elementor-widget-container\">\n\t\t\t\n        <div class=\"cs-title-wrap text-center\">\t            <div class=\"cs-subtitle-wrap\"><span class=\"cs-subtitle color-white\">Desfrute da sua estadia<\/span><\/div>\t            <h3 class=\"cs-title\">\n\t                Permita-se ser feliz neste para\u00edso serrano\t            <\/h3>        <\/div>\t\t<\/div>\n\t\t\t\t<\/div>\n\t\t\t\t<section class=\"elementor-section elementor-inner-section elementor-element elementor-element-590493a0 cs-animation-small-offset elementor-section-boxed elementor-section-height-default elementor-section-height-default elementor-invisible\" data-id=\"590493a0\" data-element_type=\"section\" data-settings=\"{&quot;animation&quot;:&quot;fadeInUp&quot;,&quot;animation_delay&quot;:300}\">\n\t\t\t\t\t\t<div class=\"elementor-container elementor-column-gap-default\">\n\t\t\t\t\t<div class=\"elementor-column elementor-col-50 elementor-inner-column elementor-element elementor-element-28ba3c\" data-id=\"28ba3c\" data-element_type=\"column\">\n\t\t\t<div class=\"elementor-widget-wrap elementor-element-populated\">\n\t\t\t\t\t\t<div class=\"elementor-element elementor-element-9360ad0 elementor-widget elementor-widget-counter\" data-id=\"9360ad0\" data-element_type=\"widget\" data-widget_type=\"counter.default\">\n\t\t\t\t<div class=\"elementor-widget-container\">\n\t\t\t<style>\/*! elementor - v3.21.0 - 25-04-2024 *\/\n.elementor-counter{display:flex;justify-content:center;align-items:stretch;flex-direction:column-reverse}.elementor-counter .elementor-counter-number{flex-grow:var(--counter-number-grow,0)}.elementor-counter .elementor-counter-number-wrapper{flex:1;display:flex;font-size:69px;font-weight:600;line-height:1;text-align:center}.elementor-counter .elementor-counter-number-prefix{text-align:end;flex-grow:var(--counter-prefix-grow,1);white-space:pre-wrap}.elementor-counter .elementor-counter-number-suffix{text-align:start;flex-grow:var(--counter-suffix-grow,1);white-space:pre-wrap}.elementor-counter .elementor-counter-title{flex:1;display:flex;justify-content:center;align-items:center;margin:0;padding:0;font-size:19px;font-weight:400;line-height:2.5}<\/style>\t\t<div class=\"elementor-counter\">\n\t\t\t<div class=\"elementor-counter-title\">Casas r\u00fasticas<\/div>\t\t\t<div class=\"elementor-counter-number-wrapper\">\n\t\t\t\t<span class=\"elementor-counter-number-prefix\"><\/span>\n\t\t\t\t<span class=\"elementor-counter-number\" data-duration=\"2000\" data-to-value=\"4\" data-from-value=\"0\" data-delimiter=\",\">0<\/span>\n\t\t\t\t<span class=\"elementor-counter-number-suffix\"><\/span>\n\t\t\t<\/div>\n\t\t<\/div>\n\t\t\t\t<\/div>\n\t\t\t\t<\/div>\n\t\t\t\t\t<\/div>\n\t\t<\/div>\n\t\t\t\t<div class=\"elementor-column elementor-col-50 elementor-inner-column elementor-element elementor-element-27e92e91\" data-id=\"27e92e91\" data-element_type=\"column\">\n\t\t\t<div class=\"elementor-widget-wrap elementor-element-populated\">\n\t\t\t\t\t\t<div class=\"elementor-element elementor-element-df4afef elementor-widget elementor-widget-counter\" data-id=\"df4afef\" data-element_type=\"widget\" data-widget_type=\"counter.default\">\n\t\t\t\t<div class=\"elementor-widget-container\">\n\t\t\t\t\t<div class=\"elementor-counter\">\n\t\t\t<div class=\"elementor-counter-title\">Suites<\/div>\t\t\t<div class=\"elementor-counter-number-wrapper\">\n\t\t\t\t<span class=\"elementor-counter-number-prefix\"><\/span>\n\t\t\t\t<span class=\"elementor-counter-number\" data-duration=\"2000\" data-to-value=\"2\" data-from-value=\"0\" data-delimiter=\",\">0<\/span>\n\t\t\t\t<span class=\"elementor-counter-number-suffix\"><\/span>\n\t\t\t<\/div>\n\t\t<\/div>\n\t\t\t\t<\/div>\n\t\t\t\t<\/div>\n\t\t\t\t\t<\/div>\n\t\t<\/div>\n\t\t\t\t\t<\/div>\n\t\t<\/section>\n\t\t\t\t\t<\/div>\n\t\t<\/div>\n\t\t\t\t\t<\/div>\n\t\t<\/section>\n\t\t\t\t<\/div>\n\t\t","protected":false},"excerpt":{"rendered":"<p>roda dos anos Sobre a Casa Silvestre A nossa Hist\u00f3ria Nesta roda dos anos, em 1721, encontramos registo de matrim\u00f3nio do, talvez, fundador da &#8220;Casa do Silvestre&#8221; (Calcula-se que, nesta data, na aldeia\/lugar de Vilarinho do Monte habitava cerca de meia d\u00fazia de &#8220;fogos&#8221;\/fam\u00edlias). Neste espa\u00e7o, \u00e0 roda deste quinteiro, h\u00e1 registo de passagem, com &#8230;<\/p>\n","protected":false},"author":1,"featured_media":0,"parent":0,"menu_order":0,"comment_status":"closed","ping_status":"closed","template":"template-wide-content.php","meta":{"cozystay_single_page_hide_site_header":"","cozystay_single_page_site_header_source":"","cozystay_single_page_custom_site_header":"0","cozystay_single_page_custom_sticky_site_header":"0","cozystay_single_page_hide_page_title":"on","cozystay_single_page_header_section_size":"","cozystay_single_page_header_background_color":"","cozystay_single_page_header_background_position_x":"center","cozystay_single_page_header_background_position_y":"center","cozystay_single_page_header_background_size":"cover","cozystay_single_page_header_background_repeat":"off","cozystay_single_page_header_background_scroll":"on","cozystay_single_page_header_text_color":"","cozystay_single_page_header_show_breadcrumb":"","cozystay_single_page_site_footer_hide_main":"","cozystay_single_custom_site_footer_main_source":"","cozystay_single_custom_site_footer_main":"0","cozystay_single_page_site_footer_hide_above":"","cozystay_single_custom_site_footer_above_source":"","cozystay_single_custom_site_footer_above":"0","cozystay_single_page_site_footer_hide_instagram":"","cozystay_single_page_site_footer_hide_bottom":"","cozystay_single_custom_mobile_menu_source":"","cozystay_single_custom_mobile_menu":"0","cozystay_single_custom_mobile_menu_animation":"","cozystay_single_custom_mobile_menu_width":"","cozystay_single_custom_mobile_menu_custom_width":375,"footnotes":""},"class_list":["post-73","page","type-page","status-publish","hentry"],"yoast_head":"<!-- This site is optimized with the Yoast SEO plugin v22.8 - https:\/\/yoast.com\/wordpress\/plugins\/seo\/ -->\n<title>Sobre - Casa Silvestre<\/title>\n<meta name=\"description\" content=\"Em 1721, encontramos registo de matrim\u00f3nio do, talvez, fundador da &quot;Casa do Silvestre&quot; em Vilarinho do Monte, uma aldeia com seis fam\u00edlias. Seis gera\u00e7\u00f5es...\" \/>\n<meta name=\"robots\" content=\"index, follow, max-snippet:-1, max-image-preview:large, max-video-preview:-1\" \/>\n<link rel=\"canonical\" href=\"https:\/\/casasilvestre.pt\/index.php\/sobre\/\" \/>\n<meta property=\"og:locale\" content=\"pt_PT\" \/>\n<meta property=\"og:type\" content=\"article\" \/>\n<meta property=\"og:title\" content=\"Sobre - Casa Silvestre\" \/>\n<meta property=\"og:description\" content=\"Em 1721, encontramos registo de matrim\u00f3nio do, talvez, fundador da &quot;Casa do Silvestre&quot; em Vilarinho do Monte, uma aldeia com seis fam\u00edlias. Seis gera\u00e7\u00f5es...\" \/>\n<meta property=\"og:url\" content=\"https:\/\/casasilvestre.pt\/index.php\/sobre\/\" \/>\n<meta property=\"og:site_name\" content=\"Casa Silvestre\" \/>\n<meta property=\"article:modified_time\" content=\"2024-05-28T11:27:57+00:00\" \/>\n<meta property=\"og:image\" content=\"https:\/\/casasilvestre.pt\/wp-content\/uploads\/2023\/03\/IMG_1864-550x367.webp\" \/>\n<meta name=\"twitter:card\" content=\"summary_large_image\" \/>\n<meta name=\"twitter:label1\" content=\"Tempo estimado de leitura\" \/>\n\t<meta name=\"twitter:data1\" content=\"2 minutos\" \/>\n<script type=\"application\/ld+json\" class=\"yoast-schema-graph\">{\"@context\":\"https:\/\/schema.org\",\"@graph\":[{\"@type\":\"WebPage\",\"@id\":\"https:\/\/casasilvestre.pt\/index.php\/sobre\/\",\"url\":\"https:\/\/casasilvestre.pt\/index.php\/sobre\/\",\"name\":\"Sobre - Casa Silvestre\",\"isPartOf\":{\"@id\":\"https:\/\/casasilvestre.pt\/#website\"},\"primaryImageOfPage\":{\"@id\":\"https:\/\/casasilvestre.pt\/index.php\/sobre\/#primaryimage\"},\"image\":{\"@id\":\"https:\/\/casasilvestre.pt\/index.php\/sobre\/#primaryimage\"},\"thumbnailUrl\":\"https:\/\/casasilvestre.pt\/wp-content\/uploads\/2023\/03\/IMG_1864-550x367.webp\",\"datePublished\":\"2023-03-24T06:54:58+00:00\",\"dateModified\":\"2024-05-28T11:27:57+00:00\",\"description\":\"Em 1721, encontramos registo de matrim\u00f3nio do, talvez, fundador da \\\"Casa do Silvestre\\\" em Vilarinho do Monte, uma aldeia com seis fam\u00edlias. Seis gera\u00e7\u00f5es...\",\"breadcrumb\":{\"@id\":\"https:\/\/casasilvestre.pt\/index.php\/sobre\/#breadcrumb\"},\"inLanguage\":\"pt-PT\",\"potentialAction\":[{\"@type\":\"ReadAction\",\"target\":[\"https:\/\/casasilvestre.pt\/index.php\/sobre\/\"]}]},{\"@type\":\"ImageObject\",\"inLanguage\":\"pt-PT\",\"@id\":\"https:\/\/casasilvestre.pt\/index.php\/sobre\/#primaryimage\",\"url\":\"https:\/\/casasilvestre.pt\/wp-content\/uploads\/2023\/03\/IMG_1864.webp\",\"contentUrl\":\"https:\/\/casasilvestre.pt\/wp-content\/uploads\/2023\/03\/IMG_1864.webp\",\"width\":1920,\"height\":1280},{\"@type\":\"BreadcrumbList\",\"@id\":\"https:\/\/casasilvestre.pt\/index.php\/sobre\/#breadcrumb\",\"itemListElement\":[{\"@type\":\"ListItem\",\"position\":1,\"name\":\"In\u00edcio\",\"item\":\"https:\/\/casasilvestre.pt\/\"},{\"@type\":\"ListItem\",\"position\":2,\"name\":\"Sobre\"}]},{\"@type\":\"WebSite\",\"@id\":\"https:\/\/casasilvestre.pt\/#website\",\"url\":\"https:\/\/casasilvestre.pt\/\",\"name\":\"Casa Silvestre\",\"description\":\"\",\"publisher\":{\"@id\":\"https:\/\/casasilvestre.pt\/#organization\"},\"potentialAction\":[{\"@type\":\"SearchAction\",\"target\":{\"@type\":\"EntryPoint\",\"urlTemplate\":\"https:\/\/casasilvestre.pt\/?s={search_term_string}\"},\"query-input\":\"required name=search_term_string\"}],\"inLanguage\":\"pt-PT\"},{\"@type\":\"Organization\",\"@id\":\"https:\/\/casasilvestre.pt\/#organization\",\"name\":\"Casa Silvestre\",\"url\":\"https:\/\/casasilvestre.pt\/\",\"logo\":{\"@type\":\"ImageObject\",\"inLanguage\":\"pt-PT\",\"@id\":\"https:\/\/casasilvestre.pt\/#\/schema\/logo\/image\/\",\"url\":\"https:\/\/casasilvestre.pt\/wp-content\/uploads\/2023\/03\/Logotipo.webp\",\"contentUrl\":\"https:\/\/casasilvestre.pt\/wp-content\/uploads\/2023\/03\/Logotipo.webp\",\"width\":1000,\"height\":1000,\"caption\":\"Casa Silvestre\"},\"image\":{\"@id\":\"https:\/\/casasilvestre.pt\/#\/schema\/logo\/image\/\"}}]}<\/script>\n<!-- \/ Yoast SEO plugin. -->","yoast_head_json":{"title":"Sobre - Casa Silvestre","description":"Em 1721, encontramos registo de matrim\u00f3nio do, talvez, fundador da \"Casa do Silvestre\" em Vilarinho do Monte, uma aldeia com seis fam\u00edlias. Seis gera\u00e7\u00f5es...","robots":{"index":"index","follow":"follow","max-snippet":"max-snippet:-1","max-image-preview":"max-image-preview:large","max-video-preview":"max-video-preview:-1"},"canonical":"https:\/\/casasilvestre.pt\/index.php\/sobre\/","og_locale":"pt_PT","og_type":"article","og_title":"Sobre - Casa Silvestre","og_description":"Em 1721, encontramos registo de matrim\u00f3nio do, talvez, fundador da \"Casa do Silvestre\" em Vilarinho do Monte, uma aldeia com seis fam\u00edlias. Seis gera\u00e7\u00f5es...","og_url":"https:\/\/casasilvestre.pt\/index.php\/sobre\/","og_site_name":"Casa Silvestre","article_modified_time":"2024-05-28T11:27:57+00:00","og_image":[{"url":"https:\/\/casasilvestre.pt\/wp-content\/uploads\/2023\/03\/IMG_1864-550x367.webp"}],"twitter_card":"summary_large_image","twitter_misc":{"Tempo estimado de leitura":"2 minutos"},"schema":{"@context":"https:\/\/schema.org","@graph":[{"@type":"WebPage","@id":"https:\/\/casasilvestre.pt\/index.php\/sobre\/","url":"https:\/\/casasilvestre.pt\/index.php\/sobre\/","name":"Sobre - Casa Silvestre","isPartOf":{"@id":"https:\/\/casasilvestre.pt\/#website"},"primaryImageOfPage":{"@id":"https:\/\/casasilvestre.pt\/index.php\/sobre\/#primaryimage"},"image":{"@id":"https:\/\/casasilvestre.pt\/index.php\/sobre\/#primaryimage"},"thumbnailUrl":"https:\/\/casasilvestre.pt\/wp-content\/uploads\/2023\/03\/IMG_1864-550x367.webp","datePublished":"2023-03-24T06:54:58+00:00","dateModified":"2024-05-28T11:27:57+00:00","description":"Em 1721, encontramos registo de matrim\u00f3nio do, talvez, fundador da \"Casa do Silvestre\" em Vilarinho do Monte, uma aldeia com seis fam\u00edlias. Seis gera\u00e7\u00f5es...","breadcrumb":{"@id":"https:\/\/casasilvestre.pt\/index.php\/sobre\/#breadcrumb"},"inLanguage":"pt-PT","potentialAction":[{"@type":"ReadAction","target":["https:\/\/casasilvestre.pt\/index.php\/sobre\/"]}]},{"@type":"ImageObject","inLanguage":"pt-PT","@id":"https:\/\/casasilvestre.pt\/index.php\/sobre\/#primaryimage","url":"https:\/\/casasilvestre.pt\/wp-content\/uploads\/2023\/03\/IMG_1864.webp","contentUrl":"https:\/\/casasilvestre.pt\/wp-content\/uploads\/2023\/03\/IMG_1864.webp","width":1920,"height":1280},{"@type":"BreadcrumbList","@id":"https:\/\/casasilvestre.pt\/index.php\/sobre\/#breadcrumb","itemListElement":[{"@type":"ListItem","position":1,"name":"In\u00edcio","item":"https:\/\/casasilvestre.pt\/"},{"@type":"ListItem","position":2,"name":"Sobre"}]},{"@type":"WebSite","@id":"https:\/\/casasilvestre.pt\/#website","url":"https:\/\/casasilvestre.pt\/","name":"Casa Silvestre","description":"","publisher":{"@id":"https:\/\/casasilvestre.pt\/#organization"},"potentialAction":[{"@type":"SearchAction","target":{"@type":"EntryPoint","urlTemplate":"https:\/\/casasilvestre.pt\/?s={search_term_string}"},"query-input":"required name=search_term_string"}],"inLanguage":"pt-PT"},{"@type":"Organization","@id":"https:\/\/casasilvestre.pt\/#organization","name":"Casa Silvestre","url":"https:\/\/casasilvestre.pt\/","logo":{"@type":"ImageObject","inLanguage":"pt-PT","@id":"https:\/\/casasilvestre.pt\/#\/schema\/logo\/image\/","url":"https:\/\/casasilvestre.pt\/wp-content\/uploads\/2023\/03\/Logotipo.webp","contentUrl":"https:\/\/casasilvestre.pt\/wp-content\/uploads\/2023\/03\/Logotipo.webp","width":1000,"height":1000,"caption":"Casa Silvestre"},"image":{"@id":"https:\/\/casasilvestre.pt\/#\/schema\/logo\/image\/"}}]}},"_links":{"self":[{"href":"https:\/\/casasilvestre.pt\/index.php\/wp-json\/wp\/v2\/pages\/73"}],"collection":[{"href":"https:\/\/casasilvestre.pt\/index.php\/wp-json\/wp\/v2\/pages"}],"about":[{"href":"https:\/\/casasilvestre.pt\/index.php\/wp-json\/wp\/v2\/types\/page"}],"author":[{"embeddable":true,"href":"https:\/\/casasilvestre.pt\/index.php\/wp-json\/wp\/v2\/users\/1"}],"replies":[{"embeddable":true,"href":"https:\/\/casasilvestre.pt\/index.php\/wp-json\/wp\/v2\/comments?post=73"}],"version-history":[{"count":15,"href":"https:\/\/casasilvestre.pt\/index.php\/wp-json\/wp\/v2\/pages\/73\/revisions"}],"predecessor-version":[{"id":3043,"href":"https:\/\/casasilvestre.pt\/index.php\/wp-json\/wp\/v2\/pages\/73\/revisions\/3043"}],"wp:attachment":[{"href":"https:\/\/casasilvestre.pt\/index.php\/wp-json\/wp\/v2\/media?parent=73"}],"curies":[{"name":"wp","href":"https:\/\/api.w.org\/{rel}","templated":true}]}}