{"id":3,"date":"2024-04-29T11:38:58","date_gmt":"2024-04-29T11:38:58","guid":{"rendered":"https:\/\/casasilvestre.pt\/?page_id=3"},"modified":"2024-05-31T14:42:20","modified_gmt":"2024-05-31T14:42:20","slug":"politica-de-privacidade","status":"publish","type":"page","link":"https:\/\/casasilvestre.pt\/index.php\/politica-de-privacidade\/","title":{"rendered":"Pol\u00edtica de Privacidade"},"content":{"rendered":"\n<p>A Casa do Silvestre respeita a privacidade dos seus clientes e fornecedores. Esta Pol\u00edtica de Privacidade descreve quem somos, para que finalidades podemos usar os seus dados, como os tratamos, com quem os partilhamos, durante quanto tempo os conservamos, bem como as formas de entrar em contacto connosco e de exercer os seus direitos.<\/p>\n\n\n\n<h2 class=\"wp-block-heading\">Quem somos?<\/h2>\n\n\n\n<p>Os seus dados ser\u00e3o tratados: Ant\u00f3nio Jos\u00e9 Gomes Silvestre, pessoa coletiva n.\u00ba 139445714, doravante \u201cEmpresa\u201d ou \u201cn\u00f3s\u201d. Esta \u201cEmpresa\u201d \u00e9 respons\u00e1vel pelo tratamento de dados pessoais na ace\u00e7\u00e3o do Regulamento Geral sobre a Prote\u00e7\u00e3o de Dados.<\/p>\n\n\n\n<p>Para as quest\u00f5es relacionadas com o tratamento dos seus dados pessoais dever\u00e1 contactar o nosso Encarregado da Prote\u00e7\u00e3o de Dados atrav\u00e9s dos seguintes meios:\u00a0<\/p>\n\n\n\n<p><a href=\"mailto:geral@casasilvestre.pt\">geral@casasilvestre.pt<\/a><\/p>\n\n\n\n<h2 class=\"wp-block-heading\"><strong>Porque precisamos da sua informa\u00e7\u00e3o?<\/strong><\/h2>\n\n\n\n<p>A Empresa tratar\u00e1 os seus dados pessoais com as seguintes finalidades:<\/p>\n\n\n\n<h3 class=\"wp-block-heading\">Gest\u00e3o de clientes e potenciais clientes<\/h3>\n\n\n\n<p>O tratamento dos seus dados \u00e9 necess\u00e1rio para a execu\u00e7\u00e3o do contrato a celebrar entre si e a Empresa, ou para a realiza\u00e7\u00e3o de dilig\u00eancias pr\u00e9-contratuais a seu pedido. Caso n\u00e3o disponibilize os seus dados n\u00e3o poderemos prestar-lhe os servi\u00e7os solicitados ou contratados.<\/p>\n\n\n\n<p>Os seus dados ser\u00e3o conservados para esta finalidade durante 12 meses.<\/p>\n\n\n\n<p>Os dados pessoais de clientes poder\u00e3o ser tratados pela Empresa com a finalidade de gest\u00e3o de contencioso. O fundamento jur\u00eddico \u00e9 a exist\u00eancia de um interesse leg\u00edtimo por parte da Empresa e os dados ser\u00e3o conservados pelo per\u00edodo necess\u00e1rio ao exerc\u00edcio dos respetivos direitos.<\/p>\n\n\n\n<h3 class=\"wp-block-heading\">Marketing<\/h3>\n\n\n\n<p>A Empresa poder\u00e1 tratar os seus dados para lhe enviar informa\u00e7\u00f5es sobre os seus produtos e servi\u00e7os. Este tratamento de dados ser\u00e1 realizado apenas com o seu consentimento, prestado no momento da reserva, check in, atrav\u00e9s do formul\u00e1rio. Caso consinta, receber\u00e1 comunica\u00e7\u00f5es de marketing da Empresa. A n\u00e3o disponibiliza\u00e7\u00e3o dos seus dados pessoais (nome e e-mail) impossibilita a Empresa de lhe enviar comunica\u00e7\u00f5es comerciais.<\/p>\n\n\n\n<p>Poder\u00e1 a qualquer momento opor-se a este tratamento de dados.<\/p>\n\n\n\n<p>Os seus dados ser\u00e3o conservados para esta finalidade durante 12 meses.<\/p>\n\n\n\n<h3 class=\"wp-block-heading\">Empresa<\/h3>\n\n\n\n<p>Pode remeter-nos, atrav\u00e9s do endere\u00e7o de e-mail <a href=\"mailto:geral@casasilvestre.pt\">geral@casasilvestre.pt<\/a>, ou do n\u00famero de telefone <a href=\"tel:+351934206647\">+351\u00a0934\u00a0206\u00a0647<\/a> (Chamada para a rede m\u00f3vel nacional), sugest\u00f5es ou reclama\u00e7\u00f5es relativas aos servi\u00e7os prestados pela Empresa. Os seus dados pessoais ser\u00e3o tratados com base nos interesses leg\u00edtimos da Empresa e no seu consentimento. A Empresa recolhe os seus dados para analisar e resolver a situa\u00e7\u00e3o subjacente \u00e0 sua sugest\u00e3o ou reclama\u00e7\u00e3o.<\/p>\n\n\n\n<p>Os seus dados ser\u00e3o conservados para esta finalidade durante o tempo necess\u00e1rio \u00e0 resolu\u00e7\u00e3o da sua quest\u00e3o no prazo m\u00e1ximo de 12 meses.<\/p>\n\n\n\n<h3 class=\"wp-block-heading\">Gest\u00e3o de Fornecedores \/ Subempreiteiros<\/h3>\n\n\n\n<p>Tratamento dos seus dados \u00e9 necess\u00e1rio para a execu\u00e7\u00e3o do contrato a celebrar entre si e a Empresa, ou para a realiza\u00e7\u00e3o de dilig\u00eancias pr\u00e9-contratuais a seu pedido. Caso n\u00e3o disponibilize os seus dados n\u00e3o poderemos cumprir as obriga\u00e7\u00f5es contratuais assumidas.<\/p>\n\n\n\n<p>Os seus dados ser\u00e3o conservados para esta finalidade durante 12 meses.<\/p>\n\n\n\n<p>Os dados pessoais de fornecedores poder\u00e3o ser tratados pela Empresa com a finalidade de gest\u00e3o de contencioso. O fundamento jur\u00eddico \u00e9 a exist\u00eancia de um interesse leg\u00edtimo por parte da Empresa e os dados ser\u00e3o conservados pelo per\u00edodo necess\u00e1rio ao exerc\u00edcio dos respetivos direitos.<\/p>\n\n\n\n<p>Os dados dos fornecedores da Empresa, em particular de colaboradores, poder\u00e3o ser comunicados aos clientes da Empresa para cumprimento de obriga\u00e7\u00f5es legais ou contratuais.<\/p>\n\n\n\n<h2 class=\"wp-block-heading\">A minha informa\u00e7\u00e3o ser\u00e1 partilhada com outros?<\/h2>\n\n\n\n<p>A sua informa\u00e7\u00e3o pessoal pode ser divulgada:<\/p>\n\n\n\n<ul class=\"wp-block-list\">\n<li>No \u00e2mbito do grupo empresarial EMPRESA. Sempre que seja plaus\u00edvel o interesse do utilizador nos produtos e servi\u00e7os de qualquer das empresas e marcas do Grupo.<\/li>\n\n\n\n<li>Terceiros prestadores de servi\u00e7os \/ subempreiteiros da Empresa. Se \u00e9 o nosso cliente ou fornecedor, os seus dados pessoais poder\u00e3o ser tratados por empresas subcontratadas pela Empresa, nomeadamente para o alojamento de s\u00edtio web, correio eletr\u00f3nico, marketing digital, comunica\u00e7\u00e3o e rela\u00e7\u00f5es p\u00fablicas. S\u00e3o fornecidas a estas empresas apenas os dados pessoais necess\u00e1rios para a presta\u00e7\u00e3o do servi\u00e7o em causa.<\/li>\n\n\n\n<li>Os dados pessoais poder\u00e3o ainda ser acedidos por auditores internos e externos ao Grupo Empresa, com a garantia de que os mesmos ser\u00e3o mantidos confidenciais e n\u00e3o ser\u00e3o utilizados para finalidades alheias \u00e0s auditorias.<\/li>\n<\/ul>\n\n\n\n<p>Os seus dados ser\u00e3o tratados dentro do espa\u00e7o da Uni\u00e3o Europeia.<\/p>\n\n\n\n<h2 class=\"wp-block-heading\">Quais s\u00e3o os meus direitos?<\/h2>\n\n\n\n<p>A qualquer momento, pode solicitar-nos:<\/p>\n\n\n\n<ul class=\"wp-block-list\">\n<li>O\u00a0<strong>acesso<\/strong>\u00a0\u00e0 informa\u00e7\u00e3o que mantemos sobre si;<\/li>\n\n\n\n<li>A\u00a0<strong>retifica\u00e7\u00e3o<\/strong>\u00a0da informa\u00e7\u00e3o caso esteja inexata ou incompleta;<\/li>\n\n\n\n<li>O\u00a0<strong>apagamento ou a limita\u00e7\u00e3o do tratamento<\/strong>\u00a0dos seus dados pessoais;<\/li>\n<\/ul>\n\n\n\n<p>Se o tratamento depender do seu consentimento ou acordo e esse for efetuado por meios automatizados, tem direito ao envio dos dados pessoais anteriormente fornecidos, de forma estruturada, comummente utilizada e num formato informaticamente leg\u00edvel.<\/p>\n\n\n\n<p>Os seus pedidos ser\u00e3o tratados com especial cuidado de forma a que possamos assegurar a efic\u00e1cia dos seus direitos. Poder\u00e1 ser-lhe pedido que fa\u00e7a prova da sua identidade de modo a assegurar que a partilha dos dados pessoais \u00e9 apenas feita com o seu titular.<\/p>\n\n\n\n<p>Deve ter presente que em certos casos (por exemplo, devido a requisitos legais) o seu pedido n\u00e3o poder\u00e1 ser imediatamente satisfeito.<\/p>\n\n\n\n<p>De qualquer modo, ser\u00e1 informado das medidas tomadas nesse sentido, no prazo de um m\u00eas a partir do momento em que o pedido for efetuado.<\/p>\n\n\n\n<p>Tem ainda o direito de apresentar uma reclama\u00e7\u00e3o \u00e0 Comiss\u00e3o Nacional de Prote\u00e7\u00e3o de Dados\u00a0<a href=\"https:\/\/www.cnpd.pt\/\" target=\"_blank\" rel=\"noreferrer noopener\">www.cnpd.pt<\/a>.<\/p>\n\n\n\n<h2 class=\"wp-block-heading\">Direitos de Acesso<\/h2>\n\n\n\n<p>O titular dos dados pessoais tem o direito a obter da Empresa a confirma\u00e7\u00e3o de que os dados que lhe digam respeito s\u00e3o ou n\u00e3o objeto de tratamento e, se for o caso, de aceder aos seus dados pessoais e aceder \u00e0s informa\u00e7\u00f5es previstas na lei.<\/p>\n\n\n\n<h2 class=\"wp-block-heading\">Direito de Retifica\u00e7\u00e3o<\/h2>\n\n\n\n<p>O titular dos dados pessoais tem o direito de obter da empresa o apagamento dos seus dados, sem demora injustificada, e esta tem a obriga\u00e7\u00e3o de apagar os dados pessoais, sem demora injustificada, quando se aplique, designadamente, um dos seguintes motivos:<\/p>\n\n\n\n<ol class=\"wp-block-list\">\n<li>Os dados pessoais deixaram de ser necess\u00e1rios para a finalidade que motivou a sua recolha ou tratamento;<\/li>\n\n\n\n<li>O titular retirou o seu consentimento para o tratamento de dados (nos casos em que o tratamento \u00e9 baseado no consentimento) e n\u00e3o existir outro fundamento para o referido tratamento;<\/li>\n\n\n\n<li>O titular op\u00f5e-se ao tratamento e n\u00e3o existem interesses leg\u00edtimos prevalecentes que justifiquem o tratamento;<\/li>\n<\/ol>\n\n\n\n<h2 class=\"wp-block-heading\">Direito \u00e0 limita\u00e7\u00e3o do tratamento<\/h2>\n\n\n\n<p>O titular dos dados tem o direito de obter da EMPRESA a limita\u00e7\u00e3o do tratamento, se se aplicar, designadamente, uma das seguintes situa\u00e7\u00f5es:<\/p>\n\n\n\n<ol class=\"wp-block-list\">\n<li>Contestar a exatid\u00e3o dos dados pessoais, durante um per\u00edodo que permita \u00e0 EMPRESA verificar a sua exatid\u00e3o;<\/li>\n\n\n\n<li>O tratamento de dados for l\u00edcito e o titular dos dados se opuser ao apagamento dos dados pessoais e solicitar, em contrapartida, a limita\u00e7\u00e3o da sua utiliza\u00e7\u00e3o;<\/li>\n\n\n\n<li>A EMPRESA j\u00e1 n\u00e3o precisar dos dados pessoais para fins de tratamento, mas esses dados s\u00e3o requeridos pelo titular para efeitos de declara\u00e7\u00e3o, exerc\u00edcio ou defesa de um direito num processo judicial;<\/li>\n\n\n\n<li>Se tiver oposto ao tratamento, at\u00e9 se verificar que os motivos leg\u00edtimos do respons\u00e1vel pelo tratamento prevalecem sobre os do titular dos dados.<\/li>\n<\/ol>\n\n\n\n<h2 class=\"wp-block-heading\">Direito de portabilidade dos dados<\/h2>\n\n\n\n<p>Se o tratamento depender do consentimento do titular dos dados e esse consentimento tiver sido prestado por meios automatizados, o titular dos dados tem o direito a receber os dados pessoais que lhe digam respeito e que tenha fornecido \u00e0 EMPRESA num formato estruturado, de uso corrente e de leitura autom\u00e1tica.<\/p>\n\n\n\n<h2 class=\"wp-block-heading\">Direito de Oposi\u00e7\u00e3o<\/h2>\n\n\n\n<p>Nos casos em que o tratamento de dados for efetuado para efeito dos interesses leg\u00edtimos prosseguidos pela EMPRESA; ou 2) o tratamento de dados for efetuado para efeitos de marketing direto ou 3) defini\u00e7\u00e3o de perfis, pode ainda, a qualquer altura, opor-se ao tratamento dos seus dados pessoais.<\/p>\n\n\n\n<h2 class=\"wp-block-heading\">Posso revogar o meu consentimento posteriormente?<\/h2>\n\n\n\n<p>Se o consentimento for legalmente necess\u00e1rio para o tratamento de dados pessoais o titular dos dados tem o direito de retirar consentimento em qualquer altura, embora esse direito n\u00e3o comprometa a licitude do tratamento efetuado com base no consentimento previamente dado nem o tratamento posterior dos mesmos dados, baseado noutra base legal, como \u00e9 o caso do cumprimento do contrato ou da obriga\u00e7\u00e3o legal a que a EMPRESA esteja sujeita.<\/p>\n\n\n\n<p>Caso pretenda retirar o seu consentimento, pode contactar-nos para o e-mail\u00a0<a href=\"mailto:geral@casasilvestre.pt\">geral@casasilvestre.pt<\/a>.<\/p>\n\n\n\n<h2 class=\"wp-block-heading\">Tem alguma d\u00favida?<\/h2>\n\n\n\n<p>Se permanecer com alguma d\u00favida relativamente ao tratamento dos seus dados pessoais, ou pretender exercer algum dos seus direitos, por favor contacte-nos:<br><a href=\"mailto:geral@casasilvestre.pt\">geral@casasilvestre.pt<\/a>.<\/p>\n\n\n\n<p>Ocasionalmente, a Empresa atualizar\u00e1 esta Pol\u00edtica de Privacidade. Solicitamos-lhe que reveja periodicamente este documento para se manter atualizado.<\/p>\n\n\n\n<p><\/p>\n\n\n\n<p><strong>\u00daltima Atualiza\u00e7\u00e3o: 31 de Maio de 2024<\/strong><\/p>\n\n\n\n<h2 class=\"wp-block-heading\"><strong><br><\/strong><\/h2>\n","protected":false},"excerpt":{"rendered":"<p>A Casa do Silvestre respeita a privacidade dos seus clientes e fornecedores. Esta Pol\u00edtica de Privacidade descreve quem somos, para que finalidades podemos usar os seus dados, como os tratamos, com quem os partilhamos, durante quanto tempo os conservamos, bem como as formas de entrar em contacto connosco e de exercer os seus direitos. Quem &#8230;<\/p>\n","protected":false},"author":1,"featured_media":0,"parent":0,"menu_order":0,"comment_status":"closed","ping_status":"closed","template":"template-fullwidth.php","meta":{"cozystay_single_page_hide_site_header":"","cozystay_single_page_site_header_source":"","cozystay_single_page_custom_site_header":"0","cozystay_single_page_custom_sticky_site_header":"0","cozystay_single_page_hide_page_title":"","cozystay_single_page_header_section_size":"","cozystay_single_page_header_background_color":"","cozystay_single_page_header_background_position_x":"center","cozystay_single_page_header_background_position_y":"center","cozystay_single_page_header_background_size":"cover","cozystay_single_page_header_background_repeat":"off","cozystay_single_page_header_background_scroll":"on","cozystay_single_page_header_text_color":"","cozystay_single_page_header_show_breadcrumb":"","cozystay_single_page_site_footer_hide_main":"","cozystay_single_custom_site_footer_main_source":"","cozystay_single_custom_site_footer_main":"0","cozystay_single_page_site_footer_hide_above":"","cozystay_single_custom_site_footer_above_source":"","cozystay_single_custom_site_footer_above":"0","cozystay_single_page_site_footer_hide_instagram":"","cozystay_single_page_site_footer_hide_bottom":"","cozystay_single_custom_mobile_menu_source":"","cozystay_single_custom_mobile_menu":"0","cozystay_single_custom_mobile_menu_animation":"","cozystay_single_custom_mobile_menu_width":"","cozystay_single_custom_mobile_menu_custom_width":375,"footnotes":""},"class_list":["post-3","page","type-page","status-publish","hentry"],"yoast_head":"<!-- This site is optimized with the Yoast SEO plugin v22.8 - https:\/\/yoast.com\/wordpress\/plugins\/seo\/ -->\n<title>Pol\u00edtica de Privacidade - Casa Silvestre<\/title>\n<meta name=\"robots\" content=\"index, follow, max-snippet:-1, max-image-preview:large, max-video-preview:-1\" \/>\n<link rel=\"canonical\" href=\"https:\/\/casasilvestre.pt\/index.php\/politica-de-privacidade\/\" \/>\n<meta property=\"og:locale\" content=\"pt_PT\" \/>\n<meta property=\"og:type\" content=\"article\" \/>\n<meta property=\"og:title\" content=\"Pol\u00edtica de Privacidade - Casa Silvestre\" \/>\n<meta property=\"og:description\" content=\"A Casa do Silvestre respeita a privacidade dos seus clientes e fornecedores. Esta Pol\u00edtica de Privacidade descreve quem somos, para que finalidades podemos usar os seus dados, como os tratamos, com quem os partilhamos, durante quanto tempo os conservamos, bem como as formas de entrar em contacto connosco e de exercer os seus direitos. Quem ...\" \/>\n<meta property=\"og:url\" content=\"https:\/\/casasilvestre.pt\/index.php\/politica-de-privacidade\/\" \/>\n<meta property=\"og:site_name\" content=\"Casa Silvestre\" \/>\n<meta property=\"article:modified_time\" content=\"2024-05-31T14:42:20+00:00\" \/>\n<meta name=\"twitter:card\" content=\"summary_large_image\" \/>\n<meta name=\"twitter:label1\" content=\"Tempo estimado de leitura\" \/>\n\t<meta name=\"twitter:data1\" content=\"8 minutos\" \/>\n<script type=\"application\/ld+json\" class=\"yoast-schema-graph\">{\"@context\":\"https:\/\/schema.org\",\"@graph\":[{\"@type\":\"WebPage\",\"@id\":\"https:\/\/casasilvestre.pt\/index.php\/politica-de-privacidade\/\",\"url\":\"https:\/\/casasilvestre.pt\/index.php\/politica-de-privacidade\/\",\"name\":\"Pol\u00edtica de Privacidade - Casa Silvestre\",\"isPartOf\":{\"@id\":\"https:\/\/casasilvestre.pt\/#website\"},\"datePublished\":\"2024-04-29T11:38:58+00:00\",\"dateModified\":\"2024-05-31T14:42:20+00:00\",\"breadcrumb\":{\"@id\":\"https:\/\/casasilvestre.pt\/index.php\/politica-de-privacidade\/#breadcrumb\"},\"inLanguage\":\"pt-PT\",\"potentialAction\":[{\"@type\":\"ReadAction\",\"target\":[\"https:\/\/casasilvestre.pt\/index.php\/politica-de-privacidade\/\"]}]},{\"@type\":\"BreadcrumbList\",\"@id\":\"https:\/\/casasilvestre.pt\/index.php\/politica-de-privacidade\/#breadcrumb\",\"itemListElement\":[{\"@type\":\"ListItem\",\"position\":1,\"name\":\"In\u00edcio\",\"item\":\"https:\/\/casasilvestre.pt\/\"},{\"@type\":\"ListItem\",\"position\":2,\"name\":\"Pol\u00edtica de Privacidade\"}]},{\"@type\":\"WebSite\",\"@id\":\"https:\/\/casasilvestre.pt\/#website\",\"url\":\"https:\/\/casasilvestre.pt\/\",\"name\":\"Casa Silvestre\",\"description\":\"\",\"publisher\":{\"@id\":\"https:\/\/casasilvestre.pt\/#organization\"},\"potentialAction\":[{\"@type\":\"SearchAction\",\"target\":{\"@type\":\"EntryPoint\",\"urlTemplate\":\"https:\/\/casasilvestre.pt\/?s={search_term_string}\"},\"query-input\":\"required name=search_term_string\"}],\"inLanguage\":\"pt-PT\"},{\"@type\":\"Organization\",\"@id\":\"https:\/\/casasilvestre.pt\/#organization\",\"name\":\"Casa Silvestre\",\"url\":\"https:\/\/casasilvestre.pt\/\",\"logo\":{\"@type\":\"ImageObject\",\"inLanguage\":\"pt-PT\",\"@id\":\"https:\/\/casasilvestre.pt\/#\/schema\/logo\/image\/\",\"url\":\"https:\/\/casasilvestre.pt\/wp-content\/uploads\/2023\/03\/Logotipo.webp\",\"contentUrl\":\"https:\/\/casasilvestre.pt\/wp-content\/uploads\/2023\/03\/Logotipo.webp\",\"width\":1000,\"height\":1000,\"caption\":\"Casa Silvestre\"},\"image\":{\"@id\":\"https:\/\/casasilvestre.pt\/#\/schema\/logo\/image\/\"}}]}<\/script>\n<!-- \/ Yoast SEO plugin. -->","yoast_head_json":{"title":"Pol\u00edtica de Privacidade - Casa Silvestre","robots":{"index":"index","follow":"follow","max-snippet":"max-snippet:-1","max-image-preview":"max-image-preview:large","max-video-preview":"max-video-preview:-1"},"canonical":"https:\/\/casasilvestre.pt\/index.php\/politica-de-privacidade\/","og_locale":"pt_PT","og_type":"article","og_title":"Pol\u00edtica de Privacidade - Casa Silvestre","og_description":"A Casa do Silvestre respeita a privacidade dos seus clientes e fornecedores. Esta Pol\u00edtica de Privacidade descreve quem somos, para que finalidades podemos usar os seus dados, como os tratamos, com quem os partilhamos, durante quanto tempo os conservamos, bem como as formas de entrar em contacto connosco e de exercer os seus direitos. Quem ...","og_url":"https:\/\/casasilvestre.pt\/index.php\/politica-de-privacidade\/","og_site_name":"Casa Silvestre","article_modified_time":"2024-05-31T14:42:20+00:00","twitter_card":"summary_large_image","twitter_misc":{"Tempo estimado de leitura":"8 minutos"},"schema":{"@context":"https:\/\/schema.org","@graph":[{"@type":"WebPage","@id":"https:\/\/casasilvestre.pt\/index.php\/politica-de-privacidade\/","url":"https:\/\/casasilvestre.pt\/index.php\/politica-de-privacidade\/","name":"Pol\u00edtica de Privacidade - Casa Silvestre","isPartOf":{"@id":"https:\/\/casasilvestre.pt\/#website"},"datePublished":"2024-04-29T11:38:58+00:00","dateModified":"2024-05-31T14:42:20+00:00","breadcrumb":{"@id":"https:\/\/casasilvestre.pt\/index.php\/politica-de-privacidade\/#breadcrumb"},"inLanguage":"pt-PT","potentialAction":[{"@type":"ReadAction","target":["https:\/\/casasilvestre.pt\/index.php\/politica-de-privacidade\/"]}]},{"@type":"BreadcrumbList","@id":"https:\/\/casasilvestre.pt\/index.php\/politica-de-privacidade\/#breadcrumb","itemListElement":[{"@type":"ListItem","position":1,"name":"In\u00edcio","item":"https:\/\/casasilvestre.pt\/"},{"@type":"ListItem","position":2,"name":"Pol\u00edtica de Privacidade"}]},{"@type":"WebSite","@id":"https:\/\/casasilvestre.pt\/#website","url":"https:\/\/casasilvestre.pt\/","name":"Casa Silvestre","description":"","publisher":{"@id":"https:\/\/casasilvestre.pt\/#organization"},"potentialAction":[{"@type":"SearchAction","target":{"@type":"EntryPoint","urlTemplate":"https:\/\/casasilvestre.pt\/?s={search_term_string}"},"query-input":"required name=search_term_string"}],"inLanguage":"pt-PT"},{"@type":"Organization","@id":"https:\/\/casasilvestre.pt\/#organization","name":"Casa Silvestre","url":"https:\/\/casasilvestre.pt\/","logo":{"@type":"ImageObject","inLanguage":"pt-PT","@id":"https:\/\/casasilvestre.pt\/#\/schema\/logo\/image\/","url":"https:\/\/casasilvestre.pt\/wp-content\/uploads\/2023\/03\/Logotipo.webp","contentUrl":"https:\/\/casasilvestre.pt\/wp-content\/uploads\/2023\/03\/Logotipo.webp","width":1000,"height":1000,"caption":"Casa Silvestre"},"image":{"@id":"https:\/\/casasilvestre.pt\/#\/schema\/logo\/image\/"}}]}},"_links":{"self":[{"href":"https:\/\/casasilvestre.pt\/index.php\/wp-json\/wp\/v2\/pages\/3"}],"collection":[{"href":"https:\/\/casasilvestre.pt\/index.php\/wp-json\/wp\/v2\/pages"}],"about":[{"href":"https:\/\/casasilvestre.pt\/index.php\/wp-json\/wp\/v2\/types\/page"}],"author":[{"embeddable":true,"href":"https:\/\/casasilvestre.pt\/index.php\/wp-json\/wp\/v2\/users\/1"}],"replies":[{"embeddable":true,"href":"https:\/\/casasilvestre.pt\/index.php\/wp-json\/wp\/v2\/comments?post=3"}],"version-history":[{"count":4,"href":"https:\/\/casasilvestre.pt\/index.php\/wp-json\/wp\/v2\/pages\/3\/revisions"}],"predecessor-version":[{"id":2835,"href":"https:\/\/casasilvestre.pt\/index.php\/wp-json\/wp\/v2\/pages\/3\/revisions\/2835"}],"wp:attachment":[{"href":"https:\/\/casasilvestre.pt\/index.php\/wp-json\/wp\/v2\/media?parent=3"}],"curies":[{"name":"wp","href":"https:\/\/api.w.org\/{rel}","templated":true}]}}